{"version":"1.0","provider_name":"Actualit\u00e9s","provider_url":"https:\/\/www.saint-paul-angouleme.fr\/application","author_name":"SAINT-PAUL","author_url":"https:\/\/www.saint-paul-angouleme.fr\/application\/author\/myriam\/","title":"Saint-Paul : premier lyc\u00e9e de Charente pour 2021 - Actualit\u00e9s","type":"rich","width":600,"height":338,"html":"<blockquote class=\"wp-embedded-content\" data-secret=\"4K0YdZdPqg\"><a href=\"https:\/\/www.saint-paul-angouleme.fr\/application\/saint-paul-premier-lycee-de-charente\/\">Saint-Paul : premier lyc\u00e9e de Charente pour 2021<\/a><\/blockquote><iframe sandbox=\"allow-scripts\" security=\"restricted\" src=\"https:\/\/www.saint-paul-angouleme.fr\/application\/saint-paul-premier-lycee-de-charente\/embed\/#?secret=4K0YdZdPqg\" width=\"600\" height=\"338\" title=\"\u00ab\u00a0Saint-Paul : premier lyc\u00e9e de Charente pour 2021\u00a0\u00bb &#8212; Actualit\u00e9s\" data-secret=\"4K0YdZdPqg\" frameborder=\"0\" marginwidth=\"0\" marginheight=\"0\" scrolling=\"no\" class=\"wp-embedded-content\"><\/iframe><script>\n\/*! This file is auto-generated *\/\n!function(d,l){\"use strict\";l.querySelector&&d.addEventListener&&\"undefined\"!=typeof URL&&(d.wp=d.wp||{},d.wp.receiveEmbedMessage||(d.wp.receiveEmbedMessage=function(e){var t=e.data;if((t||t.secret||t.message||t.value)&&!\/[^a-zA-Z0-9]\/.test(t.secret)){for(var s,r,n,a=l.querySelectorAll('iframe[data-secret=\"'+t.secret+'\"]'),o=l.querySelectorAll('blockquote[data-secret=\"'+t.secret+'\"]'),c=new RegExp(\"^https?:$\",\"i\"),i=0;i<o.length;i++)o[i].style.display=\"none\";for(i=0;i<a.length;i++)s=a[i],e.source===s.contentWindow&&(s.removeAttribute(\"style\"),\"height\"===t.message?(1e3<(r=parseInt(t.value,10))?r=1e3:~~r<200&&(r=200),s.height=r):\"link\"===t.message&&(r=new URL(s.getAttribute(\"src\")),n=new URL(t.value),c.test(n.protocol))&&n.host===r.host&&l.activeElement===s&&(d.top.location.href=t.value))}},d.addEventListener(\"message\",d.wp.receiveEmbedMessage,!1),l.addEventListener(\"DOMContentLoaded\",function(){for(var e,t,s=l.querySelectorAll(\"iframe.wp-embedded-content\"),r=0;r<s.length;r++)(t=(e=s[r]).getAttribute(\"data-secret\"))||(t=Math.random().toString(36).substring(2,12),e.src+=\"#?secret=\"+t,e.setAttribute(\"data-secret\",t)),e.contentWindow.postMessage({message:\"ready\",secret:t},\"*\")},!1)))}(window,document);\n<\/script>\n","description":"Linternaute a publi\u00e9 son habituel classement des Lyc\u00e9es pour 2021. Nous sommes tr\u00e8s heureux de nous trouver en premi\u00e8re place pour Angoul\u00eame et la Charente. Cela r\u00e9compense le travail fournit tout au long de l&#8217;ann\u00e9e 2020\/2021 par les enseignants et toutes les \u00e9quipes, et bien s\u00fbr par nos nos \u00e9l\u00e8ves. Entre pr\u00e9sentiel et distanciel la ... Lire la suite"}