{"version":"1.0","provider_name":"Actualit\u00e9s","provider_url":"https:\/\/www.saint-paul-angouleme.fr\/application","author_name":"SAINT-PAUL","author_url":"https:\/\/www.saint-paul-angouleme.fr\/application\/author\/myriam\/","title":"Conf\u00e9rence math\u00e9matique : \u00abMath\u00e9matiques et Langages\u00bb - Actualit\u00e9s","type":"rich","width":600,"height":338,"html":"<blockquote class=\"wp-embedded-content\" data-secret=\"kPd5CAi7Q9\"><a href=\"https:\/\/www.saint-paul-angouleme.fr\/application\/conference-mathematique-mathematiques-et-langages\/\">Conf\u00e9rence math\u00e9matique : \u00abMath\u00e9matiques et Langages\u00bb<\/a><\/blockquote><iframe sandbox=\"allow-scripts\" security=\"restricted\" src=\"https:\/\/www.saint-paul-angouleme.fr\/application\/conference-mathematique-mathematiques-et-langages\/embed\/#?secret=kPd5CAi7Q9\" width=\"600\" height=\"338\" title=\"\u00ab\u00a0Conf\u00e9rence math\u00e9matique : \u00abMath\u00e9matiques et Langages\u00bb\u00a0\u00bb &#8212; Actualit\u00e9s\" data-secret=\"kPd5CAi7Q9\" frameborder=\"0\" marginwidth=\"0\" marginheight=\"0\" scrolling=\"no\" class=\"wp-embedded-content\"><\/iframe><script>\n\/*! This file is auto-generated *\/\n!function(d,l){\"use strict\";l.querySelector&&d.addEventListener&&\"undefined\"!=typeof URL&&(d.wp=d.wp||{},d.wp.receiveEmbedMessage||(d.wp.receiveEmbedMessage=function(e){var t=e.data;if((t||t.secret||t.message||t.value)&&!\/[^a-zA-Z0-9]\/.test(t.secret)){for(var s,r,n,a=l.querySelectorAll('iframe[data-secret=\"'+t.secret+'\"]'),o=l.querySelectorAll('blockquote[data-secret=\"'+t.secret+'\"]'),c=new RegExp(\"^https?:$\",\"i\"),i=0;i<o.length;i++)o[i].style.display=\"none\";for(i=0;i<a.length;i++)s=a[i],e.source===s.contentWindow&&(s.removeAttribute(\"style\"),\"height\"===t.message?(1e3<(r=parseInt(t.value,10))?r=1e3:~~r<200&&(r=200),s.height=r):\"link\"===t.message&&(r=new URL(s.getAttribute(\"src\")),n=new URL(t.value),c.test(n.protocol))&&n.host===r.host&&l.activeElement===s&&(d.top.location.href=t.value))}},d.addEventListener(\"message\",d.wp.receiveEmbedMessage,!1),l.addEventListener(\"DOMContentLoaded\",function(){for(var e,t,s=l.querySelectorAll(\"iframe.wp-embedded-content\"),r=0;r<s.length;r++)(t=(e=s[r]).getAttribute(\"data-secret\"))||(t=Math.random().toString(36).substring(2,12),e.src+=\"#?secret=\"+t,e.setAttribute(\"data-secret\",t)),e.contentWindow.postMessage({message:\"ready\",secret:t},\"*\")},!1)))}(window,document);\n<\/script>\n","description":"Toujours dans le cadre de la \u00ab\u00a0Semaine des Math\u00e9matiques\u00a0\u00bb (du 13 au 17 mars 2017) Monsieur Arthur Francisco est venu faire trois conf\u00e9rences math\u00e9matiques dans une classe de troisi\u00e8me et deux classes de secondes. Apr\u00e8s s\u2019\u00eatre pr\u00e9sent\u00e9 (il est enseignant \u2013 chercheur et parent d\u2019\u00e9l\u00e8ves \u00e0 St Paul) Monsieur Francisco a explicit\u00e9 le th\u00e8me dans ... Lire la suite","thumbnail_url":"http:\/\/www.saint-paul-angouleme.fr\/application\/wp-content\/uploads\/2017\/03\/DSC_0211-1024x576.jpg"}